{"id":17720,"date":"2022-12-07T07:13:22","date_gmt":"2022-12-07T06:13:22","guid":{"rendered":"https:\/\/www.safmmarzo.com\/?page_id=17720"},"modified":"2026-03-17T13:10:16","modified_gmt":"2026-03-17T12:10:16","slug":"equipo","status":"publish","type":"page","link":"https:\/\/www.safmmarzo.com\/es\/equipo\/","title":{"rendered":"Equipo"},"content":{"rendered":"[vc_row ct_row_stretch=&#8221;&#8221;][vc_column][vc_empty_space height=&#8221;75px&#8221;]<div id=\"ultimate-heading-169269f27958b4f5a\" class=\"uvc-heading ult-adjust-bottom-margin ultimate-heading-169269f27958b4f5a uvc-6657 \" data-hspacer=\"no_spacer\"  data-halign=\"center\" style=\"text-align:center\"><div class=\"uvc-heading-spacer no_spacer\" style=\"top\"><\/div><div class=\"uvc-main-heading ult-responsive\"  data-ultimate-target='.uvc-heading.ultimate-heading-169269f27958b4f5a h2'  data-responsive-json-new='{\"font-size\":\"\",\"line-height\":\"\"}' ><h2 style=\"font-weight:normal;\">A Filosof\u00eda que move a Marzo Sa\u00fade \u00e9 a de cooperaci\u00f3n e a mellora continua.<\/h2><\/div><div class=\"uvc-sub-heading ult-responsive\"  data-ultimate-target='.uvc-heading.ultimate-heading-169269f27958b4f5a .uvc-sub-heading '  data-responsive-json-new='{\"font-size\":\"\",\"line-height\":\"\"}'  style=\"font-weight:normal;\"><span style=\"color: #d7db40;\">Por iso, parte dos beneficios son destinados a un fin social que contrib\u00fae a crear unha sociedade m\u00e1is igualitaria.<\/span><\/div><\/div>[vc_empty_space height=&#8221;35px&#8221;][vc_column_text el_class=&#8221;justificar&#8221;]Marzo Sa\u00fade nace en Castroverde (Lugo) como unha cl\u00ednica de fisioterapia en marzo do ano 2010. Dirixida polos irm\u00e1ns Jos\u00e9 Luis e Jes\u00fas Vali\u00f1o Castedo e Isabel Cabado Pena, un grupo de profesionais multidisciplinar, expertos no sector deportivo sanitario. O seu prop\u00f3sito \u00e9 o de diversificar os servizos iniciais incorporando unha \u00e1rea de enfermer\u00eda e rehabilitaci\u00f3n, desde o que se d\u00e1 resposta \u00e1s demandas dos veci\u00f1os de Castroverde e arredores. O proxecto non acabou aqu\u00ed, xa que ademais decicimos po\u00f1er en marcha un Ximnasio e SPA.[\/vc_column_text][vc_empty_space height=&#8221;75px&#8221;][\/vc_column][\/vc_row][vc_row ct_row_stretch=&#8221;&#8221;][vc_column][vc_single_image image=&#8221;15150&#8243; img_size=&#8221;full&#8221;][vc_empty_space height=&#8221;75px&#8221;][\/vc_column][\/vc_row][vc_row ct_row_stretch=&#8221;&#8221; equal_height=&#8221;yes&#8221;][vc_column width=&#8221;1\/2&#8243; offset=&#8221;vc_col-lg-3 vc_col-md-3&#8243;][vc_single_image image=&#8221;15161&#8243; img_size=&#8221;full&#8221;]<div id=\"ultimate-heading-343769f27958b4fd0\" class=\"uvc-heading ult-adjust-bottom-margin ultimate-heading-343769f27958b4fd0 uvc-441 justificar\" data-hspacer=\"line_only\"  data-halign=\"center\" style=\"text-align:center\"><div class=\"uvc-main-heading ult-responsive\"  data-ultimate-target='.uvc-heading.ultimate-heading-343769f27958b4fd0 h3'  data-responsive-json-new='{\"font-size\":\"\",\"line-height\":\"\"}' ><h3 style=\"font-weight:normal;\">Jos\u00e9 Luis Vali\u00f1o Castedo<\/h3><\/div><div class=\"uvc-heading-spacer line_only\" style=\"topheight:1px;\"><span class=\"uvc-headings-line\" style=\"border-style:solid;border-bottom-width:1px;border-color:#ccc;width:autopx;\"><\/span><\/div><div class=\"uvc-sub-heading ult-responsive\"  data-ultimate-target='.uvc-heading.ultimate-heading-343769f27958b4fd0 .uvc-sub-heading '  data-responsive-json-new='{\"font-size\":\"\",\"line-height\":\"\"}'  style=\"font-weight:normal;margin-top:10px;margin-bottom:20px;\">Fisioterapeuta Col. 1364<br \/>\nM\u00e1ster en Direcci\u00f3n de Empresas<br \/>\nM\u00e1ster en Prevenci\u00f3n de Riscos<br \/>\nExperto en Terapia Acu\u00e1tica<br \/>\nExperto en Xeriatr\u00eda<br \/>\nExperto en Deportiva<br \/>\nExperto en Fisioterapia Invasiva<br \/>\nFormado en Maitland, McConnell, Mulligan e McKenzie<br \/>\nFormado en Ecograf\u00eda<\/div><\/div><div class=\"ult-spacer spacer-69f27958b5017\" data-id=\"69f27958b5017\" data-height=\"20\" data-height-mobile=\"20\" data-height-tab=\"20\" data-height-tab-portrait=\"\" data-height-mobile-landscape=\"\" style=\"clear:both;display:block;\"><\/div>[\/vc_column][vc_column width=&#8221;1\/2&#8243; offset=&#8221;vc_col-lg-3 vc_col-md-3&#8243;][vc_single_image image=&#8221;15164&#8243; img_size=&#8221;full&#8221;]<div id=\"ultimate-heading-407269f27958b5059\" class=\"uvc-heading ult-adjust-bottom-margin ultimate-heading-407269f27958b5059 uvc-9130 justificar\" data-hspacer=\"line_only\"  data-halign=\"center\" style=\"text-align:center\"><div class=\"uvc-main-heading ult-responsive\"  data-ultimate-target='.uvc-heading.ultimate-heading-407269f27958b5059 h3'  data-responsive-json-new='{\"font-size\":\"\",\"line-height\":\"\"}' ><h3 style=\"font-weight:normal;\">Jes\u00fas Vali\u00f1o Castedo<\/h3><\/div><div class=\"uvc-heading-spacer line_only\" style=\"topheight:1px;\"><span class=\"uvc-headings-line\" style=\"border-style:solid;border-bottom-width:1px;border-color:#ccc;width:autopx;\"><\/span><\/div><div class=\"uvc-sub-heading ult-responsive\"  data-ultimate-target='.uvc-heading.ultimate-heading-407269f27958b5059 .uvc-sub-heading '  data-responsive-json-new='{\"font-size\":\"\",\"line-height\":\"\"}'  style=\"font-weight:normal;margin-top:10px;margin-bottom:20px;\">Enfermeiro Col 3536<br \/>\nFisioterapeuta Col. 1556<br \/>\nPod\u00f3logo Col: 814<br \/>\nM\u00e1ster Enfermer\u00eda Deportiva Rey Juan<br \/>\nCarlos Master Biomec\u00e1nico U. Sevilla<br \/>\nExperto en Fisioterapia Invasiva<br \/>\nExperto en Ecograf\u00eda do aparello locomotor.<\/div><\/div><div class=\"ult-spacer spacer-69f27958b5096\" data-id=\"69f27958b5096\" data-height=\"20\" data-height-mobile=\"20\" data-height-tab=\"20\" data-height-tab-portrait=\"\" data-height-mobile-landscape=\"\" style=\"clear:both;display:block;\"><\/div>[\/vc_column][vc_column width=&#8221;1\/2&#8243; offset=&#8221;vc_col-lg-3 vc_col-md-3&#8243;][vc_single_image image=&#8221;15173&#8243; img_size=&#8221;full&#8221;]<div id=\"ultimate-heading-870969f27958b50d1\" class=\"uvc-heading ult-adjust-bottom-margin ultimate-heading-870969f27958b50d1 uvc-1273 justificar\" data-hspacer=\"line_only\"  data-halign=\"center\" style=\"text-align:center\"><div class=\"uvc-main-heading ult-responsive\"  data-ultimate-target='.uvc-heading.ultimate-heading-870969f27958b50d1 h3'  data-responsive-json-new='{\"font-size\":\"\",\"line-height\":\"\"}' ><h3 style=\"font-weight:normal;\">M\u00aa Carmen Rodr\u00edguez Fern\u00e1ndez<\/h3><\/div><div class=\"uvc-heading-spacer line_only\" style=\"topheight:1px;\"><span class=\"uvc-headings-line\" style=\"border-style:solid;border-bottom-width:1px;border-color:#ccc;width:autopx;\"><\/span><\/div><div class=\"uvc-sub-heading ult-responsive\"  data-ultimate-target='.uvc-heading.ultimate-heading-870969f27958b50d1 .uvc-sub-heading '  data-responsive-json-new='{\"font-size\":\"\",\"line-height\":\"\"}'  style=\"font-weight:normal;margin-top:10px;margin-bottom:20px;\">Xerente de compras de Administraci\u00f3n e Xesti\u00f3n de Recursos<br \/>\nDirectora de banca<br \/>\nEmpregada en asesor\u00eda<\/div><\/div><div class=\"ult-spacer spacer-69f27958b510a\" data-id=\"69f27958b510a\" data-height=\"20\" data-height-mobile=\"20\" data-height-tab=\"20\" data-height-tab-portrait=\"\" data-height-mobile-landscape=\"\" style=\"clear:both;display:block;\"><\/div>[\/vc_column][vc_column width=&#8221;1\/2&#8243; offset=&#8221;vc_col-lg-3 vc_col-md-3&#8243;][\/vc_column][\/vc_row][vc_row ct_row_stretch=&#8221;&#8221; equal_height=&#8221;yes&#8221; disable_element=&#8221;yes&#8221;][vc_column width=&#8221;1\/2&#8243; offset=&#8221;vc_col-lg-3 vc_col-md-3&#8243;][vc_single_image image=&#8221;15167&#8243; img_size=&#8221;full&#8221;]<div id=\"ultimate-heading-328869f27958b5140\" class=\"uvc-heading ult-adjust-bottom-margin ultimate-heading-328869f27958b5140 uvc-8615 justificar\" data-hspacer=\"line_only\"  data-halign=\"center\" style=\"text-align:center\"><div class=\"uvc-main-heading ult-responsive\"  data-ultimate-target='.uvc-heading.ultimate-heading-328869f27958b5140 h3'  data-responsive-json-new='{\"font-size\":\"\",\"line-height\":\"\"}' ><h3 style=\"font-weight:normal;\">Isabel Cabado Pe\u00f1a<\/h3><\/div><div class=\"uvc-heading-spacer line_only\" style=\"topheight:1px;\"><span class=\"uvc-headings-line\" style=\"border-style:solid;border-bottom-width:1px;border-color:#ccc;width:autopx;\"><\/span><\/div><div class=\"uvc-sub-heading ult-responsive\"  data-ultimate-target='.uvc-heading.ultimate-heading-328869f27958b5140 .uvc-sub-heading '  data-responsive-json-new='{\"font-size\":\"\",\"line-height\":\"\"}'  style=\"font-weight:normal;margin-top:10px;margin-bottom:20px;\">Enfermeira Col. 3475<br \/>\nExperta en enfermer\u00eda xeri\u00e1trica<br \/>\nExperta en enfermer\u00eda deportiva<br \/>\nExperta en enfermer\u00eda de Urxencias<br \/>\nFormada en Ecograf\u00eda<br \/>\nFormada en Est\u00e9tica<br \/>\nInstrutora de Pilates, Ioga e actividades grupais con soporte musical<\/div><\/div><div class=\"ult-spacer spacer-69f27958b5177\" data-id=\"69f27958b5177\" data-height=\"20\" data-height-mobile=\"20\" data-height-tab=\"20\" data-height-tab-portrait=\"\" data-height-mobile-landscape=\"\" style=\"clear:both;display:block;\"><\/div>[\/vc_column][vc_column width=&#8221;1\/2&#8243; offset=&#8221;vc_col-lg-3 vc_col-md-3&#8243;][vc_single_image image=&#8221;15175&#8243; img_size=&#8221;full&#8221;]<div id=\"ultimate-heading-538869f27958b51ae\" class=\"uvc-heading ult-adjust-bottom-margin ultimate-heading-538869f27958b51ae uvc-2664 justificar\" data-hspacer=\"line_only\"  data-halign=\"center\" style=\"text-align:center\"><div class=\"uvc-main-heading ult-responsive\"  data-ultimate-target='.uvc-heading.ultimate-heading-538869f27958b51ae h3'  data-responsive-json-new='{\"font-size\":\"\",\"line-height\":\"\"}' ><h3 style=\"font-weight:normal;\">Sergio Freire Rodr\u00edguez<\/h3><\/div><div class=\"uvc-heading-spacer line_only\" style=\"topheight:1px;\"><span class=\"uvc-headings-line\" style=\"border-style:solid;border-bottom-width:1px;border-color:#ccc;width:autopx;\"><\/span><\/div><div class=\"uvc-sub-heading ult-responsive\"  data-ultimate-target='.uvc-heading.ultimate-heading-538869f27958b51ae .uvc-sub-heading '  data-responsive-json-new='{\"font-size\":\"\",\"line-height\":\"\"}'  style=\"font-weight:normal;margin-top:10px;margin-bottom:20px;\">TS Entretemento e Deportes e Actividade F\u00edsica<br \/>\nInstrutor de Pilates<\/div><\/div><div class=\"ult-spacer spacer-69f27958b51e4\" data-id=\"69f27958b51e4\" data-height=\"20\" data-height-mobile=\"20\" data-height-tab=\"20\" data-height-tab-portrait=\"\" data-height-mobile-landscape=\"\" style=\"clear:both;display:block;\"><\/div>[\/vc_column][vc_column width=&#8221;1\/2&#8243; offset=&#8221;vc_col-lg-3 vc_col-md-3&#8243;][vc_single_image image=&#8221;15177&#8243; img_size=&#8221;full&#8221;]<div id=\"ultimate-heading-191869f27958b521a\" class=\"uvc-heading ult-adjust-bottom-margin ultimate-heading-191869f27958b521a uvc-6464 justificar\" data-hspacer=\"line_only\"  data-halign=\"center\" style=\"text-align:center\"><div class=\"uvc-main-heading ult-responsive\"  data-ultimate-target='.uvc-heading.ultimate-heading-191869f27958b521a h3'  data-responsive-json-new='{\"font-size\":\"\",\"line-height\":\"\"}' ><h3 style=\"font-weight:normal;\">Jose Manuel Miragaya<\/h3><\/div><div class=\"uvc-heading-spacer line_only\" style=\"topheight:1px;\"><span class=\"uvc-headings-line\" style=\"border-style:solid;border-bottom-width:1px;border-color:#ccc;width:autopx;\"><\/span><\/div><\/div><div class=\"ult-spacer spacer-69f27958b524f\" data-id=\"69f27958b524f\" data-height=\"20\" data-height-mobile=\"20\" data-height-tab=\"20\" data-height-tab-portrait=\"\" data-height-mobile-landscape=\"\" style=\"clear:both;display:block;\"><\/div>[\/vc_column][vc_column width=&#8221;1\/2&#8243; offset=&#8221;vc_col-lg-3 vc_col-md-3&#8243;][vc_single_image image=&#8221;15170&#8243; img_size=&#8221;full&#8221;]<div id=\"ultimate-heading-604569f27958b5285\" class=\"uvc-heading ult-adjust-bottom-margin ultimate-heading-604569f27958b5285 uvc-3571 justificar\" data-hspacer=\"line_only\"  data-halign=\"center\" style=\"text-align:center\"><div class=\"uvc-main-heading ult-responsive\"  data-ultimate-target='.uvc-heading.ultimate-heading-604569f27958b5285 h3'  data-responsive-json-new='{\"font-size\":\"\",\"line-height\":\"\"}' ><h3 style=\"font-weight:normal;\">Alba Garcia Polin<\/h3><\/div><div class=\"uvc-heading-spacer line_only\" style=\"topheight:1px;\"><span class=\"uvc-headings-line\" style=\"border-style:solid;border-bottom-width:1px;border-color:#ccc;width:autopx;\"><\/span><\/div><div class=\"uvc-sub-heading ult-responsive\"  data-ultimate-target='.uvc-heading.ultimate-heading-604569f27958b5285 .uvc-sub-heading '  data-responsive-json-new='{\"font-size\":\"\",\"line-height\":\"\"}'  style=\"font-weight:normal;margin-top:10px;margin-bottom:20px;\">Fisioterapeuta<br \/>\nExperta en deportiva<br \/>\nExperta en fisioterapia invasiva<\/div><\/div><div class=\"ult-spacer spacer-69f27958b52b9\" data-id=\"69f27958b52b9\" data-height=\"20\" data-height-mobile=\"20\" data-height-tab=\"20\" data-height-tab-portrait=\"\" data-height-mobile-landscape=\"\" style=\"clear:both;display:block;\"><\/div>[\/vc_column][\/vc_row][vc_row ct_row_stretch=&#8221;&#8221;][vc_column][vc_empty_space height=&#8221;75px&#8221;][vc_cta h2=&#8221;&#8221; add_button=&#8221;right&#8221; btn_title=&#8221;Servizos&#8221; btn_color=&#8221;success&#8221; btn_link=&#8221;url:https%3A%2F%2Fwww.safmmarzo.com%2Fes%2Fservicios%2F|title:Servizos|&#8221;]O trato pr\u00f3ximo co cliente xunto coa multitude de actividades, servizos e instalaci\u00f3ns e facilidade de horarios e desprazamentos do noso persoal, converte a Marzo Sa\u00fade na mellor opci\u00f3n para o coidado do teu corpo.[\/vc_cta][\/vc_column][\/vc_row]\n","protected":false},"excerpt":{"rendered":"<p>[vc_row ct_row_stretch=&#8221;&#8221;][vc_column][vc_empty_space height=&#8221;75px&#8221;][vc_empty_space height=&#8221;35px&#8221;][vc_column_text el_class=&#8221;justificar&#8221;]Marzo Sa\u00fade nace en Castroverde (Lugo) como unha cl\u00ednica de fisioterapia en marzo do ano 2010. Dirixida polos irm\u00e1ns Jos\u00e9 Luis e Jes\u00fas Vali\u00f1o Castedo e Isabel Cabado Pena, un grupo de profesionais multidisciplinar, expertos no sector deportivo sanitario. O seu prop\u00f3sito \u00e9 o de diversificar os servizos iniciais incorporando unha &#8230;<\/p>\n","protected":false},"author":602,"featured_media":0,"parent":0,"menu_order":0,"comment_status":"closed","ping_status":"closed","template":"","meta":{"footnotes":""},"class_list":["post-17720","page","type-page","status-publish","hentry"],"yoast_head":"<!-- This site is optimized with the Yoast SEO plugin v27.1.1 - https:\/\/yoast.com\/product\/yoast-seo-wordpress\/ -->\n<title>Equipo - Marzo Saude<\/title>\n<meta name=\"robots\" content=\"index, follow, max-snippet:-1, max-image-preview:large, max-video-preview:-1\" \/>\n<link rel=\"canonical\" href=\"https:\/\/www.safmmarzo.com\/es\/equipo\/\" \/>\n<meta property=\"og:locale\" content=\"es_ES\" \/>\n<meta property=\"og:type\" content=\"article\" \/>\n<meta property=\"og:title\" content=\"Equipo - Marzo Saude\" \/>\n<meta property=\"og:description\" content=\"[vc_row ct_row_stretch=&#8221;&#8221;][vc_column][vc_empty_space height=&#8221;75px&#8221;][vc_empty_space height=&#8221;35px&#8221;][vc_column_text el_class=&#8221;justificar&#8221;]Marzo Sa\u00fade nace en Castroverde (Lugo) como unha cl\u00ednica de fisioterapia en marzo do ano 2010. Dirixida polos irm\u00e1ns Jos\u00e9 Luis e Jes\u00fas Vali\u00f1o Castedo e Isabel Cabado Pena, un grupo de profesionais multidisciplinar, expertos no sector deportivo sanitario. O seu prop\u00f3sito \u00e9 o de diversificar os servizos iniciais incorporando unha ...\" \/>\n<meta property=\"og:url\" content=\"https:\/\/www.safmmarzo.com\/es\/equipo\/\" \/>\n<meta property=\"og:site_name\" content=\"Marzo Saude\" \/>\n<meta property=\"article:modified_time\" content=\"2026-03-17T12:10:16+00:00\" \/>\n<meta name=\"twitter:card\" content=\"summary_large_image\" \/>\n<meta name=\"twitter:label1\" content=\"Tiempo de lectura\" \/>\n\t<meta name=\"twitter:data1\" content=\"4 minutos\" \/>\n<script type=\"application\/ld+json\" class=\"yoast-schema-graph\">{\"@context\":\"https:\/\/schema.org\",\"@graph\":[{\"@type\":\"WebPage\",\"@id\":\"https:\/\/www.safmmarzo.com\/es\/equipo\/\",\"url\":\"https:\/\/www.safmmarzo.com\/es\/equipo\/\",\"name\":\"Equipo - Marzo Saude\",\"isPartOf\":{\"@id\":\"https:\/\/www.safmmarzo.com\/#website\"},\"datePublished\":\"2022-12-07T06:13:22+00:00\",\"dateModified\":\"2026-03-17T12:10:16+00:00\",\"inLanguage\":\"es\",\"potentialAction\":[{\"@type\":\"ReadAction\",\"target\":[\"https:\/\/www.safmmarzo.com\/es\/equipo\/\"]}]},{\"@type\":\"WebSite\",\"@id\":\"https:\/\/www.safmmarzo.com\/#website\",\"url\":\"https:\/\/www.safmmarzo.com\/\",\"name\":\"Marzo Saude\",\"description\":\"\",\"potentialAction\":[{\"@type\":\"SearchAction\",\"target\":{\"@type\":\"EntryPoint\",\"urlTemplate\":\"https:\/\/www.safmmarzo.com\/?s={search_term_string}\"},\"query-input\":{\"@type\":\"PropertyValueSpecification\",\"valueRequired\":true,\"valueName\":\"search_term_string\"}}],\"inLanguage\":\"es\"}]}<\/script>\n<!-- \/ Yoast SEO plugin. -->","yoast_head_json":{"title":"Equipo - Marzo Saude","robots":{"index":"index","follow":"follow","max-snippet":"max-snippet:-1","max-image-preview":"max-image-preview:large","max-video-preview":"max-video-preview:-1"},"canonical":"https:\/\/www.safmmarzo.com\/es\/equipo\/","og_locale":"es_ES","og_type":"article","og_title":"Equipo - Marzo Saude","og_description":"[vc_row ct_row_stretch=&#8221;&#8221;][vc_column][vc_empty_space height=&#8221;75px&#8221;][vc_empty_space height=&#8221;35px&#8221;][vc_column_text el_class=&#8221;justificar&#8221;]Marzo Sa\u00fade nace en Castroverde (Lugo) como unha cl\u00ednica de fisioterapia en marzo do ano 2010. Dirixida polos irm\u00e1ns Jos\u00e9 Luis e Jes\u00fas Vali\u00f1o Castedo e Isabel Cabado Pena, un grupo de profesionais multidisciplinar, expertos no sector deportivo sanitario. O seu prop\u00f3sito \u00e9 o de diversificar os servizos iniciais incorporando unha ...","og_url":"https:\/\/www.safmmarzo.com\/es\/equipo\/","og_site_name":"Marzo Saude","article_modified_time":"2026-03-17T12:10:16+00:00","twitter_card":"summary_large_image","twitter_misc":{"Tiempo de lectura":"4 minutos"},"schema":{"@context":"https:\/\/schema.org","@graph":[{"@type":"WebPage","@id":"https:\/\/www.safmmarzo.com\/es\/equipo\/","url":"https:\/\/www.safmmarzo.com\/es\/equipo\/","name":"Equipo - Marzo Saude","isPartOf":{"@id":"https:\/\/www.safmmarzo.com\/#website"},"datePublished":"2022-12-07T06:13:22+00:00","dateModified":"2026-03-17T12:10:16+00:00","inLanguage":"es","potentialAction":[{"@type":"ReadAction","target":["https:\/\/www.safmmarzo.com\/es\/equipo\/"]}]},{"@type":"WebSite","@id":"https:\/\/www.safmmarzo.com\/#website","url":"https:\/\/www.safmmarzo.com\/","name":"Marzo Saude","description":"","potentialAction":[{"@type":"SearchAction","target":{"@type":"EntryPoint","urlTemplate":"https:\/\/www.safmmarzo.com\/?s={search_term_string}"},"query-input":{"@type":"PropertyValueSpecification","valueRequired":true,"valueName":"search_term_string"}}],"inLanguage":"es"}]}},"_links":{"self":[{"href":"https:\/\/www.safmmarzo.com\/es\/wp-json\/wp\/v2\/pages\/17720","targetHints":{"allow":["GET"]}}],"collection":[{"href":"https:\/\/www.safmmarzo.com\/es\/wp-json\/wp\/v2\/pages"}],"about":[{"href":"https:\/\/www.safmmarzo.com\/es\/wp-json\/wp\/v2\/types\/page"}],"author":[{"embeddable":true,"href":"https:\/\/www.safmmarzo.com\/es\/wp-json\/wp\/v2\/users\/602"}],"replies":[{"embeddable":true,"href":"https:\/\/www.safmmarzo.com\/es\/wp-json\/wp\/v2\/comments?post=17720"}],"version-history":[{"count":17,"href":"https:\/\/www.safmmarzo.com\/es\/wp-json\/wp\/v2\/pages\/17720\/revisions"}],"predecessor-version":[{"id":19163,"href":"https:\/\/www.safmmarzo.com\/es\/wp-json\/wp\/v2\/pages\/17720\/revisions\/19163"}],"wp:attachment":[{"href":"https:\/\/www.safmmarzo.com\/es\/wp-json\/wp\/v2\/media?parent=17720"}],"curies":[{"name":"wp","href":"https:\/\/api.w.org\/{rel}","templated":true}]}}